{"id":392,"date":"2018-04-10T08:22:17","date_gmt":"2018-04-10T08:22:17","guid":{"rendered":"http:\/\/bridge219.qodeinteractive.com\/?page_id=4"},"modified":"2025-02-24T13:43:56","modified_gmt":"2025-02-24T12:43:56","slug":"home","status":"publish","type":"page","link":"https:\/\/psicofoniapermamme.it\/","title":{"rendered":"Home"},"content":{"rendered":"<div class=\"wpb-content-wrapper\"><p>[vc_row css_animation=&#8221;&#8221; row_type=&#8221;row&#8221; use_row_as_full_screen_section=&#8221;no&#8221; type=&#8221;full_width&#8221; angled_section=&#8221;no&#8221; text_align=&#8221;left&#8221; background_image_as_pattern=&#8221;without_pattern&#8221;][vc_column][rev_slider_vc alias=&#8221;home&#8221;][\/vc_column][\/vc_row][vc_row css_animation=&#8221;&#8221; row_type=&#8221;row&#8221; use_row_as_full_screen_section=&#8221;no&#8221; type=&#8221;grid&#8221; angled_section=&#8221;no&#8221; text_align=&#8221;center&#8221; background_image_as_pattern=&#8221;without_pattern&#8221; z_index=&#8221;&#8221; css=&#8221;.vc_custom_1523549442222{padding-top: 108px !important;padding-bottom: 66px !important;}&#8221;][vc_column][vc_column_text]<\/p>\n<h1>Psicofonia in gravidanza<\/h1>\n<p>[\/vc_column_text][qode_elements_holder number_of_columns=&#8221;one_column&#8221;][qode_elements_holder_item horizontal_alignment=&#8221;center&#8221; advanced_animations=&#8221;no&#8221; item_padding=&#8221;16px 16% 70px&#8221; item_padding_768_1024=&#8221;16px 10% 70px&#8221; item_padding_600_768=&#8221;16px 4% 70px&#8221; item_padding_480_600=&#8221;16px 0% 70px&#8221; item_padding_480=&#8221;16px 0% 70px&#8221;][vc_column_text]<\/p>\n<h3>Programma ideato e realizzato da Elisa Benassi, unica psicofonista italiana<\/h3>\n<p>[\/vc_column_text][vc_empty_space height=&#8221;12px&#8221;][vc_column_text]La Psicofonia \u00e8 un metodo fondato in Francia nel 1960 da M.L. Aucher. Fonda il benessere della persona sull\u2019uso della sua stessa voce.<br \/>\nNegli anni, Elisa Benassi ha dato sviluppo ai fondamenti scientifici e pratici di questa disciplina per rispondere alle esigenze delle Mamme.<br \/>\nE\u2019 nata cos\u00ec Psicofonia per Mamme. E\u2019 una preparazione che promuove benessere dall\u2019inizio della gravidanza fino ai primi 9 mesi dopo il parto.[\/vc_column_text][\/qode_elements_holder_item][\/qode_elements_holder][vc_row_inner row_type=&#8221;row&#8221; type=&#8221;full_width&#8221; text_align=&#8221;center&#8221; css_animation=&#8221;&#8221;][vc_column_inner offset=&#8221;vc_col-md-4&#8243;][vc_column_text]<\/p>\n<h4>Permette alle mamme di<\/h4>\n<p>[\/vc_column_text][vc_empty_space height=&#8221;12px&#8221;][vc_column_text]Connettersi ad un nuovo sentire. Accogliere le trasformazioni del corpo. Vivere un\u2019esperienza unica di incontro con il bambino per mezzo della voce parlata e cantata[\/vc_column_text][vc_empty_space height=&#8221;50px&#8221;][\/vc_column_inner][vc_column_inner offset=&#8221;vc_col-md-4&#8243;][vc_column_text]<\/p>\n<h4>I benefici<\/h4>\n<p>[\/vc_column_text][vc_empty_space height=&#8221;12px&#8221;][vc_column_text]La Psicofonia ti accompagna nell\u2019esperienza di diventare mamma. Ti propone esercizi di respirazione che favoriscono la migliore ossigenazione in ogni momenti dei 18 mesi del periodo perinatale. Ti suggerisce i gesti corporei e vocali per accrescere il tuo benessere di mamma. Ti prepara a dialogare con il tuo bambino.[\/vc_column_text][vc_empty_space height=&#8221;50px&#8221;][\/vc_column_inner][vc_column_inner offset=&#8221;vc_col-md-4&#8243;][vc_column_text]<\/p>\n<h4>Perch\u00e9 \u00e8 importante?<\/h4>\n<p>[\/vc_column_text][vc_empty_space height=&#8221;12px&#8221;][vc_column_text]Per una mamma, essere consapevole dell\u2019importanza della propria voce \u00e8 importante perch\u00e9 il gesto vocale non ha solo valore espressivo ma \u00e8 soprattutto lo strumento pi\u00f9 efficace per conoscersi, per rilassarsi, per mantenere una corretta postura, per sviluppare fiducia, per comunicare in modo efficace.[\/vc_column_text][vc_empty_space height=&#8221;50px&#8221;][\/vc_column_inner][\/vc_row_inner][\/vc_column][\/vc_row][vc_row css_animation=&#8221;&#8221; row_type=&#8221;row&#8221; use_row_as_full_screen_section=&#8221;no&#8221; type=&#8221;grid&#8221; angled_section=&#8221;no&#8221; text_align=&#8221;center&#8221; background_image_as_pattern=&#8221;without_pattern&#8221; z_index=&#8221;&#8221; css=&#8221;.vc_custom_1705316194041{padding-top: 108px !important;padding-bottom: 66px !important;background-color: #f5efe6 !important;}&#8221;][vc_column][vc_column_text]<\/p>\n<h1>Servizi attivi<\/h1>\n<p>[\/vc_column_text][qode_elements_holder number_of_columns=&#8221;one_column&#8221;][qode_elements_holder_item horizontal_alignment=&#8221;center&#8221; advanced_animations=&#8221;no&#8221; item_padding=&#8221;16px 16% 70px&#8221; item_padding_768_1024=&#8221;16px 10% 70px&#8221; item_padding_600_768=&#8221;16px 4% 70px&#8221; item_padding_480_600=&#8221;16px 0% 70px&#8221; item_padding_480=&#8221;16px 0% 70px&#8221;][vc_column_text]<\/p>\n<h3>Gli incontri di Psicofonia per Mamme sono realizzati in modo specifico per ogni momento della gestazione, del parto e dei primi nove mesi di vita del bambino.<\/h3>\n<p>[\/vc_column_text][\/qode_elements_holder_item][\/qode_elements_holder][vc_row_inner row_type=&#8221;row&#8221; type=&#8221;full_width&#8221; text_align=&#8221;center&#8221; css_animation=&#8221;&#8221;][vc_column_inner width=&#8221;1\/4&#8243; offset=&#8221;vc_col-md-4&#8243;][vc_single_image image=&#8221;529&#8243; img_size=&#8221;full&#8221; alignment=&#8221;center&#8221; qode_css_animation=&#8221;&#8221;][vc_empty_space height=&#8221;12px&#8221;][vc_column_text]<\/p>\n<h4>Canto Prenatale<\/h4>\n<p>[\/vc_column_text][vc_empty_space height=&#8221;12px&#8221;][vc_column_text]Si svolge durante i nove mesi della Gravidanza.<br \/>\nConsente, a te mamma, di armonizzare il tuo corpo, di incontrare il bambino e di costruire una relazione con lui mentre si sta formando.[\/vc_column_text][vc_empty_space height=&#8221;50px&#8221;][\/vc_column_inner][vc_column_inner width=&#8221;1\/4&#8243; offset=&#8221;vc_col-md-4&#8243;][vc_single_image image=&#8221;485&#8243; img_size=&#8221;full&#8221; alignment=&#8221;center&#8221; qode_css_animation=&#8221;&#8221;][vc_empty_space height=&#8221;12px&#8221;][vc_column_text]<\/p>\n<h4>Partorire Cantando<\/h4>\n<p>[\/vc_column_text][vc_empty_space height=&#8221;12px&#8221;][vc_column_text]Si svolge nell\u2019ultimo trimestre della Gravidanza.<br \/>\nAiuta la mamma a fare esperienza di quanto avverr\u00e0 durante il parto. Sarai guidata attraverso la vera preparazione corporea e funzionale richiesta al momento del parto.[\/vc_column_text][vc_empty_space height=&#8221;50px&#8221;][\/vc_column_inner][vc_column_inner width=&#8221;1\/4&#8243; offset=&#8221;vc_col-md-4&#8243;][vc_single_image image=&#8221;550&#8243; img_size=&#8221;full&#8221; alignment=&#8221;center&#8221; qode_css_animation=&#8221;&#8221;][vc_empty_space height=&#8221;12px&#8221;][vc_column_text]<\/p>\n<h4>Canto Postnatale<\/h4>\n<p>[\/vc_column_text][vc_empty_space height=&#8221;12px&#8221;][vc_column_text]Si svolge nei primi nove mesi dopo il parto.<br \/>\nAttraverso la voce parlata e cantata della mamma, favorisce l\u2019incontro e la sintonizzazione con il bambino.[\/vc_column_text][vc_empty_space height=&#8221;50px&#8221;][\/vc_column_inner][\/vc_row_inner][vc_row_inner row_type=&#8221;row&#8221; type=&#8221;full_width&#8221; text_align=&#8221;center&#8221; css_animation=&#8221;&#8221;][vc_column_inner]<a  itemprop=\"url\" href=\"https:\/\/psicofoniapermamme.it\/index.php\/servizi\/\" target=\"_self\" data-hover-background-color='#ffa100' data-hover-border-color='#ffa100'  class=\"qbutton  large default\" style=\"border-color: #3600ff; background-color: #3600ff;\">Servizi attivi<\/a>[vc_empty_space height=&#8221;50px&#8221;][\/vc_column_inner][\/vc_row_inner][\/vc_column][\/vc_row][vc_row css_animation=&#8221;&#8221; row_type=&#8221;row&#8221; use_row_as_full_screen_section=&#8221;no&#8221; type=&#8221;full_width&#8221; angled_section=&#8221;no&#8221; text_align=&#8221;left&#8221; background_image_as_pattern=&#8221;without_pattern&#8221;][vc_column][qode_elements_holder number_of_columns=&#8221;two_columns&#8221;][qode_elements_holder_item advanced_animations=&#8221;no&#8221;][vc_single_image image=&#8221;519&#8243; img_size=&#8221;full&#8221; qode_css_animation=&#8221;&#8221;][\/qode_elements_holder_item][qode_elements_holder_item advanced_animations=&#8221;no&#8221; background_color=&#8221;#ff0000&#8243; item_padding=&#8221;155px 18% 139px 16%&#8221; item_padding_1280_1440=&#8221;60px 9% 50px 10%&#8221; item_padding_1024_1280=&#8221;60px 7% 50px 8%&#8221; item_padding_768_1024=&#8221;30px 4% 30px 6%&#8221; item_padding_600_768=&#8221;100px 10%&#8221; item_padding_480_600=&#8221;80px 12%&#8221; item_padding_480=&#8221;80px 12%&#8221;][vc_column_text]<\/p>\n<h1><span style=\"color: #ffffff;\">Elisa Benassi<\/span><\/h1>\n<p>[\/vc_column_text][vc_empty_space height=&#8221;21px&#8221;][vc_column_text]<\/p>\n<h5><span style=\"color: #ffffff;\">Ostetrica Psicofonista Musicoterapeuta Musicologa<\/span><\/h5>\n<h5 class=\"p1\"><span style=\"color: #ffffff;\">Prima Psicofonista in Italia, \u00e8 formatrice, docente, ricercatrice.<\/span><\/h5>\n<h5 class=\"p1\"><span style=\"color: #ffffff;\">Sin da giovanissima studia il pianoforte presso il Conservatorio \u201cLucio Campiani\u201d di Mantova.<\/span><\/h5>\n<h5 class=\"p1\"><span style=\"color: #ffffff;\">Nel 1981 consegue il Diploma di Ostetrica. In sala parto, per mezzo di una spiccata capacit\u00e0 sinestesica, a partire dalle voci che si presentano in travaglio le \u00e8 possibile ottenere molte informazioni sulla trasformazione dei tessuti materni e sulla progressione del bambino.<\/span><\/h5>\n<h5 class=\"p1\"><span style=\"color: #ffffff;\">Da qui inizia la sua appassionata ricerca sulla relazione tra la voce e la complessit\u00e0 dell\u2019Essere Umano.<\/span><\/h5>\n<p>[\/vc_column_text][vc_empty_space]\n\n\t<a href=\"https:\/\/psicofoniapermamme.it\/index.php\/elisa-benassi\/\" target=\"_self\" style=\"color: #595959\" class=\"qode-btn qode-btn-medium qode-btn-solid qode-btn-icon qode-btn-icon-rotate\"  >\n\t    <span class=\"qode-btn-text\">+ info<\/span><span class=\"qode-button-v2-icon-holder\"  ><i class=\"qodef-icon-dripicons dripicon dripicons-chevron-right qode-button-v2-icon-holder-inner\" ><\/i><\/span>\t<\/a>\n\n[\/qode_elements_holder_item][\/qode_elements_holder][\/vc_column][\/vc_row][vc_row css_animation=&#8221;&#8221; row_type=&#8221;row&#8221; use_row_as_full_screen_section=&#8221;no&#8221; type=&#8221;grid&#8221; angled_section=&#8221;no&#8221; text_align=&#8221;center&#8221; background_image_as_pattern=&#8221;without_pattern&#8221; z_index=&#8221;&#8221; css=&#8221;.vc_custom_1523549467382{padding-top: 128px !important;padding-bottom: 118px !important;}&#8221;][vc_column][vc_column_text]<\/p>\n<h1>Le esperienze delle mamme<\/h1>\n<p>[\/vc_column_text][qode_elements_holder number_of_columns=&#8221;one_column&#8221;][qode_elements_holder_item horizontal_alignment=&#8221;center&#8221; advanced_animations=&#8221;no&#8221; item_padding=&#8221;16px 16% 70px&#8221; item_padding_768_1024=&#8221;16px 10% 70px&#8221; item_padding_600_768=&#8221;16px 4% 70px&#8221; item_padding_480_600=&#8221;16px 0% 70px&#8221; item_padding_480=&#8221;16px 0% 70px&#8221;][vc_column_text]<b>Dai dubbi alla serenit\u00e0 e al benessere<\/b>[\/vc_column_text][\/qode_elements_holder_item][\/qode_elements_holder]<div class='testimonials_holder clearfix dark'><div class=\"testimonials testimonials_carousel\" data-show-navigation=\"yes\" data-animation-type=\"fade\" data-animation-speed=\"\" data-auto-rotate-slides=\"3\" data-number-per-slide=\"1\"><ul class=\"slides\"><li id=\"testimonials402\" class=\"testimonial_content\"><div class=\"testimonial_content_inner\"><div class=\"testimonial_text_holder\"><div class=\"testimonial_text_inner\" style=\"\"><p>Avevo paura di affrontare i momenti del parto e di non esserne in grado. Mi ha aiutato a comprendere tutti i processi, ad affidarmi al mio corpo e voce, e farcela.<\/p><p class=\"testimonial_author\" style=\"\">Giulia<\/p><\/div><\/div><\/div><\/li><li id=\"testimonials401\" class=\"testimonial_content\"><div class=\"testimonial_content_inner\"><div class=\"testimonial_text_holder\"><div class=\"testimonial_text_inner\" style=\"\"><p>Un magnifico momento di incontro con il mio bambino. Sono stata accompagnata durante tutta la mia gravidanza e mi sono trovata benissimo.<\/p><p class=\"testimonial_author\" style=\"\">Camilla<\/p><\/div><\/div><\/div><\/li><\/ul><\/div><\/div>[\/vc_column][\/vc_row][vc_row css_animation=&#8221;&#8221; row_type=&#8221;row&#8221; use_row_as_full_screen_section=&#8221;no&#8221; type=&#8221;full_width&#8221; angled_section=&#8221;no&#8221; text_align=&#8221;left&#8221; background_image_as_pattern=&#8221;without_pattern&#8221;][vc_column][qode_elements_holder number_of_columns=&#8221;two_columns&#8221;][qode_elements_holder_item advanced_animations=&#8221;no&#8221;][vc_single_image image=&#8221;440&#8243; img_size=&#8221;full&#8221; qode_css_animation=&#8221;&#8221;][\/qode_elements_holder_item][qode_elements_holder_item advanced_animations=&#8221;no&#8221; background_color=&#8221;#f5efe6&#8243; item_padding=&#8221;155px 18% 139px 16%&#8221; item_padding_1280_1440=&#8221;60px 9% 50px 10%&#8221; item_padding_1024_1280=&#8221;60px 7% 50px 8%&#8221; item_padding_768_1024=&#8221;30px 4% 30px 6%&#8221; item_padding_600_768=&#8221;100px 10%&#8221; item_padding_480_600=&#8221;80px 12%&#8221; item_padding_480=&#8221;80px 12%&#8221;][vc_column_text]<\/p>\n<h1>Libro Partorire Cantando<\/h1>\n<p>[\/vc_column_text][vc_empty_space height=&#8221;21px&#8221;][vc_column_text]Partorire Cantando \u2013 Il parto attivo e facile con il Training Psicofonetico per il Parto<\/p>\n<p>Corredato dai dati dell\u2019esperienza professionale dell\u2019autrice, questo libro ci illustra come ottenere:<\/p>\n<p>durata significativamente minore dei tempi di travaglio;<\/p>\n<p>maggiore comunicazione con il proprio bambino;<\/p>\n<p>minore dolore durante il parto;<\/p>\n<p>maggiore consapevolezza e soddisfazione in tutte le fasi del processo nascita<\/p>\n<p>\u2026 per vivere con fiducia l\u2019avventura del parto utilizzando le risorse che il corpo mette a disposizione.[\/vc_column_text][vc_empty_space]<a  itemprop=\"url\" href=\"https:\/\/www.esserevoce.it\/prodotto\/partorire-cantando-libro\/\" target=\"_self\" data-hover-background-color='#ffa100' data-hover-border-color='#ffa100'  class=\"qbutton  large default\" style=\"border-color: #3600ff; background-color: #3600ff;\">Acquista<\/a>[\/qode_elements_holder_item][\/qode_elements_holder][\/vc_column][\/vc_row][vc_row row_type=&#8221;parallax&#8221; parallax_content_width=&#8221;full_width&#8221; text_align=&#8221;center&#8221; full_screen_section_height=&#8221;no&#8221; background_image=&#8221;101&#8243; css=&#8221;.vc_custom_1705318063418{padding-top: 85px !important;padding-bottom: 85px !important;background-color: #e1ae9f !important;}&#8221;][vc_column][vc_row_inner row_type=&#8221;row&#8221; type=&#8221;full_width&#8221; text_align=&#8221;left&#8221; css_animation=&#8221;&#8221; css=&#8221;.vc_custom_1705318047606{padding-top: 105px !important;padding-bottom: 105px !important;}&#8221; background_color=&#8221;#e1ae9f&#8221;][vc_column_inner width=&#8221;1\/2&#8243; offset=&#8221;vc_col-md-3&#8243;]<div class=\"q_counter_holder  center\" style=\"\" data-element-appearance=\"100\" data-digit=\"30\"><span class=\"counter  zero\" style=\"color: #ffffff;font-size: 72px;font-weight: 400;\">30<\/span><p class=\"counter_text\" style=\"font-size: 18px;font-weight: 600;text-transform: uppercase;color: #ffffff;\">Anni di esperienza<\/p><\/div>[\/vc_column_inner][vc_column_inner width=&#8221;1\/2&#8243; offset=&#8221;vc_col-md-3&#8243;]<div class=\"q_counter_holder  center\" style=\"\" data-element-appearance=\"100\" data-digit=\"8500\"><span class=\"counter  zero\" style=\"color: #ffffff;font-size: 72px;font-weight: 400;\">8500<\/span><p class=\"counter_text\" style=\"font-size: 18px;font-weight: 600;text-transform: uppercase;color: #ffffff;\">Mamme seguite<\/p><\/div>[\/vc_column_inner][vc_column_inner width=&#8221;1\/2&#8243; offset=&#8221;vc_col-md-3&#8243;]<div class=\"q_counter_holder  center\" style=\"\" data-element-appearance=\"100\" data-digit=\"25\"><span class=\"counter  zero\" style=\"color: #ffffff;font-size: 72px;font-weight: 400;\">25<\/span><p class=\"counter_text\" style=\"font-size: 18px;font-weight: 600;text-transform: uppercase;color: #ffffff;\">Operatrici formate<\/p><\/div>[\/vc_column_inner][vc_column_inner width=&#8221;1\/2&#8243; offset=&#8221;vc_col-md-3&#8243;]<div class=\"q_counter_holder  center\" style=\"\" data-element-appearance=\"100\" data-digit=\"11000\"><span class=\"counter  zero\" style=\"color: #ffffff;font-size: 72px;font-weight: 400;\">11000<\/span><p class=\"counter_text\" style=\"font-size: 18px;font-weight: 600;text-transform: uppercase;color: #ffffff;\">Bambini coccolati<\/p><\/div>[\/vc_column_inner][\/vc_row_inner][\/vc_column][\/vc_row][vc_row css_animation=&#8221;&#8221; row_type=&#8221;row&#8221; use_row_as_full_screen_section=&#8221;no&#8221; type=&#8221;grid&#8221; angled_section=&#8221;no&#8221; text_align=&#8221;left&#8221; background_image_as_pattern=&#8221;without_pattern&#8221; background_image=&#8221;432&#8243; z_index=&#8221;&#8221;][vc_column][qode_elements_holder number_of_columns=&#8221;two_columns&#8221;][qode_elements_holder_item advanced_animations=&#8221;no&#8221; item_padding=&#8221;170px 19% 170px 0px&#8221; item_padding_1280_1440=&#8221;165px 11% 170px 0px&#8221; item_padding_600_768=&#8221;140px 5% 140px 0px&#8221; item_padding_480_600=&#8221;100px 0%&#8221; item_padding_480=&#8221;100px 0%&#8221;][vc_column_text]<\/p>\n<h1><span style=\"color: #ffffff;\">Prenota un incontro di Psicofonia per mamme<\/span><\/h1>\n<p>[\/vc_column_text][vc_empty_space height=&#8221;21px&#8221;][vc_column_text]<\/p>\n<h5><span style=\"color: #ffffff;\">Affrontare il percorso della gravidanza e della nascita pu\u00f2 essere difficile, soprattutto se sopraggiunge la sensazione di solitudine. Un percorso guidato con una professionista, attiva nel campo da oltre 30 anni, che sapr\u00e0 indirizzarti in modo specifico, a seconda delle esigenze<\/span><\/h5>\n<p>[\/vc_column_text][vc_empty_space height=&#8221;50px&#8221;]\n\n\t<a href=\"https:\/\/wa.me\/393343231558?text=Buongiorno,%20sono%20interessata%20a%20psicofonia%20per%20mamme,%20posso%20essere%20ricontattata?%20Grazie\" target=\"_self\" style=\"color: #595959\" class=\"qode-btn qode-btn-medium qode-btn-solid qode-btn-icon qode-btn-icon-rotate\"  >\n\t    <span class=\"qode-btn-text\">Inizia qui<\/span><span class=\"qode-button-v2-icon-holder\"  ><i class=\"qodef-icon-dripicons dripicon dripicons-chevron-right qode-button-v2-icon-holder-inner\" ><\/i><\/span>\t<\/a>\n\n[\/qode_elements_holder_item][qode_elements_holder_item advanced_animations=&#8221;no&#8221;][\/qode_elements_holder_item][\/qode_elements_holder][\/vc_column][\/vc_row][vc_row css_animation=&#8221;&#8221; row_type=&#8221;row&#8221; use_row_as_full_screen_section=&#8221;no&#8221; type=&#8221;full_width&#8221; angled_section=&#8221;no&#8221; text_align=&#8221;center&#8221; background_image_as_pattern=&#8221;without_pattern&#8221; z_index=&#8221;&#8221;][vc_column]<a  itemprop=\"url\" href=\"https:\/\/wa.me\/393343231558?text=Buongiorno,%20sono%20interessata%20a%20psicofonia%20per%20mamme,%20posso%20essere%20ricontattata?%20Grazie\" target=\"_self\" data-hover-background-color='#ffa100' data-hover-border-color='#ffa100' data-hover-color='#ffffff' class=\"qbutton  big_large_full_width center default\" style=\"color: #ffffff; border-color: #3600ff; background-color: #3600ff;\">Mettiti in contatto con noi<\/a>[\/vc_column][\/vc_row]<\/p>\n<\/div>","protected":false},"excerpt":{"rendered":"<p>[vc_row css_animation=&#8221;&#8221; row_type=&#8221;row&#8221; use_row_as_full_screen_section=&#8221;no&#8221; type=&#8221;full_width&#8221; angled_section=&#8221;no&#8221; text_align=&#8221;left&#8221; background_image_as_pattern=&#8221;without_pattern&#8221;][vc_column][rev_slider_vc alias=&#8221;home&#8221;][\/vc_column][\/vc_row][vc_row css_animation=&#8221;&#8221; row_type=&#8221;row&#8221; use_row_as_full_screen_section=&#8221;no&#8221; type=&#8221;grid&#8221; angled_section=&#8221;no&#8221; text_align=&#8221;center&#8221; background_image_as_pattern=&#8221;without_pattern&#8221; z_index=&#8221;&#8221; css=&#8221;.vc_custom_1523549442222{padding-top: 108px !important;padding-bottom: 66px !important;}&#8221;][vc_column][vc_column_text] Psicofonia in gravidanza [\/vc_column_text][qode_elements_holder number_of_columns=&#8221;one_column&#8221;][qode_elements_holder_item horizontal_alignment=&#8221;center&#8221; advanced_animations=&#8221;no&#8221; item_padding=&#8221;16px 16% 70px&#8221; item_padding_768_1024=&#8221;16px 10% 70px&#8221; item_padding_600_768=&#8221;16px 4% 70px&#8221; item_padding_480_600=&#8221;16px 0% 70px&#8221; item_padding_480=&#8221;16px 0% 70px&#8221;][vc_column_text] Programma&#8230;<\/p>\n","protected":false},"author":1,"featured_media":0,"parent":0,"menu_order":0,"comment_status":"closed","ping_status":"closed","template":"full_width.php","meta":{"footnotes":""},"class_list":["post-392","page","type-page","status-publish","hentry"],"aioseo_notices":[],"_links":{"self":[{"href":"https:\/\/psicofoniapermamme.it\/index.php\/wp-json\/wp\/v2\/pages\/392","targetHints":{"allow":["GET"]}}],"collection":[{"href":"https:\/\/psicofoniapermamme.it\/index.php\/wp-json\/wp\/v2\/pages"}],"about":[{"href":"https:\/\/psicofoniapermamme.it\/index.php\/wp-json\/wp\/v2\/types\/page"}],"author":[{"embeddable":true,"href":"https:\/\/psicofoniapermamme.it\/index.php\/wp-json\/wp\/v2\/users\/1"}],"replies":[{"embeddable":true,"href":"https:\/\/psicofoniapermamme.it\/index.php\/wp-json\/wp\/v2\/comments?post=392"}],"version-history":[{"count":35,"href":"https:\/\/psicofoniapermamme.it\/index.php\/wp-json\/wp\/v2\/pages\/392\/revisions"}],"predecessor-version":[{"id":704,"href":"https:\/\/psicofoniapermamme.it\/index.php\/wp-json\/wp\/v2\/pages\/392\/revisions\/704"}],"wp:attachment":[{"href":"https:\/\/psicofoniapermamme.it\/index.php\/wp-json\/wp\/v2\/media?parent=392"}],"curies":[{"name":"wp","href":"https:\/\/api.w.org\/{rel}","templated":true}]}}